{"id":882,"date":"2017-02-20T17:08:30","date_gmt":"2017-02-20T17:08:30","guid":{"rendered":"http:\/\/www.iportaldoc.pt\/?page_id=882\/"},"modified":"2024-04-26T14:28:12","modified_gmt":"2024-04-26T14:28:12","slug":"partners","status":"publish","type":"page","link":"https:\/\/www.iportaldoc.pt\/en\/partners\/","title":{"rendered":"Partners"},"content":{"rendered":"[vc_row][vc_column][vc_empty_space height=&#8221;150&#8243;][\/vc_column][\/vc_row][vc_row][vc_column width=&#8221;1\/4&#8243;][\/vc_column][vc_column width=&#8221;1\/2&#8243; el_class=&#8221;pd-15&#8243;][vc_empty_space height=&#8221;30&#8243;][vc_custom_heading text=&#8221;IPORTALDOC, CLOSER TO YOU THANKS TO OUR NETWORK OF PARTNERS!&#8221; font_container=&#8221;tag:h1|font_size:24|text_align:center|color:%234d93d5&#8243; google_fonts=&#8221;font_family:Open%20Sans%3A300%2C300italic%2Cregular%2Citalic%2C600%2C600italic%2C700%2C700italic%2C800%2C800italic|font_style:700%20bold%20regular%3A700%3Anormal&#8221;][vc_custom_heading text=&#8221;CONTACT ONE OF OUR PARTNERS NEAR YOU&#8221; font_container=&#8221;tag:h2|font_size:24|text_align:center|color:%234d93d5&#8243; google_fonts=&#8221;font_family:Open%20Sans%3A300%2C300italic%2Cregular%2Citalic%2C600%2C600italic%2C700%2C700italic%2C800%2C800italic|font_style:400%20regular%3A400%3Anormal&#8221;][vc_empty_space height=&#8221;30&#8243; el_class=&#8221;mobile-hide&#8221;][vc_btn title=&#8221;become a partner&#8221; shape=&#8221;square&#8221; align=&#8221;center&#8221; el_class=&#8221;meu-btn-special special&#8221; link=&#8221;url:https%3A%2F%2Fwww.iportaldoc.pt%2Fen%2Fpartners-form%2F||target:%20_blank|&#8221;][vc_empty_space height=&#8221;30&#8243; el_class=&#8221;mobile-hide&#8221;][\/vc_column][vc_column width=&#8221;1\/4&#8243;][\/vc_column][\/vc_row][vc_row][vc_column width=&#8221;1\/4&#8243;][\/vc_column][vc_column width=&#8221;1\/2&#8243; el_class=&#8221;pd-15&#8243;][vc_text_separator title=&#8221;NORTH&#8221; color=&#8221;custom&#8221; accent_color=&#8221;#4d4d4d&#8221;][vc_empty_space height=&#8221;20&#8243; el_class=&#8221;mobile-hide&#8221;][\/vc_column][vc_column width=&#8221;1\/4&#8243;][\/vc_column][\/vc_row][vc_row el_class=&#8221;pd-15&#8243;][vc_column width=&#8221;1\/4&#8243;][\/vc_column][vc_column width=&#8221;1\/4&#8243;][vc_column_text]\n<p style=\"text-align: left;\"><strong><span style=\"font-size: 22px; color: #4d93d5;\">BRAGA<\/span><\/strong><\/p>\n[\/vc_column_text][\/vc_column][vc_column width=&#8221;1\/4&#8243;][\/vc_column][vc_column width=&#8221;1\/4&#8243;][\/vc_column][\/vc_row][vc_row el_class=&#8221;pd-15&#8243;][vc_column width=&#8221;1\/4&#8243;][\/vc_column][vc_column width=&#8221;1\/4&#8243;][vc_tta_accordion style=&#8221;outline&#8221; shape=&#8221;square&#8221; color=&#8221;black&#8221; gap=&#8221;5&#8243; active_section=&#8221;&#8221; no_fill=&#8221;true&#8221; collapsible_all=&#8221;true&#8221;][vc_tta_section title=&#8221;Bragaconta &#8211; Gest\u00e3o Empresarial, Lda.&#8221; tab_id=&#8221;1508430507679-ea0a5e82-b16a&#8221;][vc_column_text]Av. 31 de Janeiro,<br \/>\n4715-052 Braga<\/p>\n<p><i class=\"fa fa-phone\" aria-hidden=\"true\"><\/i>\u00a0 +351 253 600 020<\/p>\n<p><i class=\"fa fa-envelope\" aria-hidden=\"true\"><\/i>\u00a0 <a href=\"mailto:bragaconta@bragaconta.com\">bragaconta@bragaconta.com<\/a><br \/>\n<i class=\"fa fa-globe\" aria-hidden=\"true\"><\/i>\u00a0\u00a0www.bragaconta.com[\/vc_column_text][\/vc_tta_section][vc_tta_section title=&#8221;Codevision, S.A.&#8221; tab_id=&#8221;1508430508140-d6fbbffe-3094&#8243;][vc_column_text]Rua Dr Manuel Jos\u00e9 de Oliveira Machado, 39<br \/>\nDume<br \/>\n4700-058 Braga<\/p>\n<p><i class=\"fa fa-phone\" aria-hidden=\"true\"><\/i>\u00a0 +351 253 283 616<br \/>\n<i class=\"fa fa-envelope\" aria-hidden=\"true\"><\/i>\u00a0<a href=\"mailto:info@codevision.pt\"><span id=\"email\">info@codevision.pt<\/span><\/a><br \/>\n<i class=\"fa fa-globe\" aria-hidden=\"true\"><\/i>\u00a0\u00a0www.codevision.pt[\/vc_column_text][\/vc_tta_section][vc_tta_section title=&#8221;F3M Information Systems, S.A.&#8221; tab_id=&#8221;1508777084128-e36044c0-5fce&#8221;][vc_column_text]Edif\u00edcio F3M, Rua de Linhares<br \/>\n4715-435 Braga<\/p>\n<p><i class=\"fa fa-phone\" aria-hidden=\"true\"><\/i>\u00a0 +351 253 250 300<br \/>\n<i class=\"fa fa-envelope\" aria-hidden=\"true\"><\/i>\u00a0 <a href=\"mailto:contacto@f3m.pt\">contacto@f3m.pt<\/a><br \/>\n<i class=\"fa fa-globe\" aria-hidden=\"true\"><\/i>\u00a0 www.f3m.pt[\/vc_column_text][\/vc_tta_section][\/vc_tta_accordion][vc_empty_space height=&#8221;20&#8243; el_class=&#8221;mobile-hide&#8221;][\/vc_column][vc_column width=&#8221;1\/4&#8243;][vc_tta_accordion style=&#8221;outline&#8221; shape=&#8221;square&#8221; color=&#8221;black&#8221; gap=&#8221;5&#8243; active_section=&#8221;&#8221; no_fill=&#8221;true&#8221; collapsible_all=&#8221;true&#8221;][vc_tta_section title=&#8221;Incentea&#8221; tab_id=&#8221;1508776948594-5c35bf16-968f&#8221;][vc_column_text]Avenida Padre J\u00falio Fragata, 68<br \/>\n4710-413 Braga<\/p>\n<p><i class=\"fa fa-phone\" aria-hidden=\"true\"><\/i>+351 253 250 340<br \/>\n<i class=\"fa fa-envelope\" aria-hidden=\"true\"><\/i>\u00a0 <strong>info.pt@incentea.com<\/strong><br \/>\n<i class=\"fa fa-globe\" aria-hidden=\"true\"><\/i>\u00a0 www.incentea.com[\/vc_column_text][\/vc_tta_section][vc_tta_section title=&#8221;Skillmind&#8221; tab_id=&#8221;1534848734620-6f1d85b9-1d1d&#8221;][vc_column_text]Rua do Fujacal, n.\u00ba 22<\/p>\n<p>S. Jos\u00e9 de S.L\u00e1zaro \u2013 4705-097 Braga<\/p>\n<p><i class=\"fa fa-phone\" aria-hidden=\"true\"><\/i>\u00a0 +351 253 600 082<br \/>\n<i class=\"fa fa-envelope\" aria-hidden=\"true\"><\/i>\u00a0 <a href=\"mailto:geral@skillmind.pt\">geral@skillmind.pt<\/a><br \/>\n<i class=\"fa fa-globe\" aria-hidden=\"true\"><\/i>\u00a0<span id=\"web\">www.skillmind.pt<\/span>[\/vc_column_text][\/vc_tta_section][vc_tta_section title=&#8221;VERDEDATA &#8211; Sistemas Inform\u00e1tica, Lda.&#8221; tab_id=&#8221;1508430511787-8b46afab-fe3a&#8221;][vc_column_text]Rua M\u00aa C\u00e9u Vilhena da Cunha, 19E<br \/>\n4730-770 Vila Verde<\/p>\n<p><i class=\"fa fa-phone\" aria-hidden=\"true\"><\/i>\u00a0 +351 253 310 260<br \/>\n<i class=\"fa fa-envelope\" aria-hidden=\"true\"><\/i>\u00a0 <a href=\"mailto:verdedata@verdedata.pt\">verdedata@verdedata.pt<\/a><br \/>\n<i class=\"fa fa-globe\" aria-hidden=\"true\"><\/i>\u00a0\u00a0www.verdedata.pt[\/vc_column_text][\/vc_tta_section][\/vc_tta_accordion][\/vc_column][vc_column width=&#8221;1\/4&#8243;][\/vc_column][\/vc_row][vc_row el_class=&#8221;pd-15&#8243;][vc_column width=&#8221;1\/4&#8243;][\/vc_column][vc_column width=&#8221;1\/4&#8243;][vc_column_text]\n<p style=\"text-align: left;\"><strong><span style=\"font-size: 22px; color: #4d93d5;\">PORTO<\/span><\/strong><\/p>\n[\/vc_column_text][\/vc_column][vc_column width=&#8221;1\/4&#8243;][\/vc_column][vc_column width=&#8221;1\/4&#8243;][\/vc_column][\/vc_row][vc_row el_class=&#8221;pd-15&#8243;][vc_column width=&#8221;1\/4&#8243;][\/vc_column][vc_column width=&#8221;1\/4&#8243;][vc_tta_accordion style=&#8221;outline&#8221; shape=&#8221;square&#8221; color=&#8221;black&#8221; gap=&#8221;5&#8243; active_section=&#8221;&#8221; no_fill=&#8221;true&#8221; collapsible_all=&#8221;true&#8221;][vc_tta_section title=&#8221;AdviserPro, Lda&#8221; tab_id=&#8221;1548256257681-e209942c-a68d&#8221;][vc_column_text]Lake Towers Edif\u00edcio D, Rua Daciano Baptista Marques,<br \/>\nn\u00ba 245 \u2013 2\u00ba Piso, 4400-617 V.N. de Gaia<\/p>\n<p><i class=\"fa fa-phone\" aria-hidden=\"true\"><\/i>\u00a0+351 221 450 380<br \/>\n<i class=\"fa fa-envelope\" aria-hidden=\"true\"><\/i> <a href=\"mailto:info@adviserpro.pt\">info@adviserpro.pt<\/a><br \/>\n<i class=\"fa fa-globe\" aria-hidden=\"true\"><\/i>\u00a0www.adviserpro.pt[\/vc_column_text][\/vc_tta_section][vc_tta_section title=&#8221;Acitel 4 &#8211; Servi\u00e7os de Telecomunica\u00e7\u00f5es SA.&#8221; tab_id=&#8221;1508492579543-8bbaa1d3-ab2f&#8221;][vc_column_text]Rua Sim\u00e3o Bol\u00edvar 259 4\u00ba Dto<br \/>\n470-214 Maia<\/p>\n<p><i class=\"fa fa-phone\" aria-hidden=\"true\"><\/i>\u00a0 +351 229 438 180<br \/>\n<i class=\"fa fa-envelope\" aria-hidden=\"true\"><\/i>\u00a0 <a href=\"mailto:psa@acitel.pt\">psa@acitel.pt<\/a><br \/>\n<i class=\"fa fa-globe\" aria-hidden=\"true\"><\/i>\u00a0\u00a0www.acitel.pt[\/vc_column_text][\/vc_tta_section][vc_tta_section title=&#8221;ATM &#8211; SISTEMAS DE INFORMA\u00c7\u00c3O E SERVI\u00c7OS, S.A.&#8221; tab_id=&#8221;1508492580183-2ac2cefe-6a14&#8243;][vc_column_text]Rua Professor Correia de S\u00e1, n\u00ba 42 2\u00ba andar<br \/>\n4445-570 Ermesinde<\/p>\n<p><i class=\"fa fa-phone\" aria-hidden=\"true\"><\/i>\u00a0 +351 229 567 000<br \/>\n<i class=\"fa fa-envelope\" aria-hidden=\"true\"><\/i>\u00a0 <a href=\"mailto:geral@atminformatica.pt\">geral@atminformatica.pt<\/a><br \/>\n<i class=\"fa fa-globe\" aria-hidden=\"true\"><\/i>\u00a0 www.atminformatica.pt[\/vc_column_text][\/vc_tta_section][vc_tta_section title=&#8221;ASG &#8211; Apoio a Software de Gest\u00e3o, Lda.&#8221; tab_id=&#8221;1508778422736-54d7e2f6-b7a6&#8243;][vc_column_text]Rua 28 de Janeiro<br \/>\n3504400-335 Vila Nova de Gaia<\/p>\n<p><i class=\"fa fa-phone\" aria-hidden=\"true\"><\/i>\u00a0 +351 223 745 463<br \/>\n<i class=\"fa fa-envelope\" aria-hidden=\"true\"><\/i>\u00a0\u00a0 <a href=\"mailto:geral@asginfo.com\">geral@asginfo.com<\/a><br \/>\n<i class=\"fa fa-globe\" aria-hidden=\"true\"><\/i>\u00a0 www.asginfo.com[\/vc_column_text][\/vc_tta_section][vc_tta_section title=&#8221;Compgal &#8211; Computadores de Portugal Lda.&#8221; tab_id=&#8221;1508778536291-0af889ca-c7bd&#8221;][vc_column_text]Rua P\u00e1dua Correia n\u00ba386<br \/>\n4430-238 Vila Nova de Gaia<\/p>\n<p><i class=\"fa fa-phone\" aria-hidden=\"true\"><\/i>\u00a0 +351 223 772 730<br \/>\n<i class=\"fa fa-envelope\" aria-hidden=\"true\"><\/i>\u00a0 <a href=\"mailto:compgal@compgal.pt\">compgal@compgal.pt<\/a><br \/>\n<i class=\"fa fa-globe\" aria-hidden=\"true\"><\/i>\u00a0 www.compgal.pt[\/vc_column_text][\/vc_tta_section][vc_tta_section title=&#8221;DAMS &#8211; Desenvolvimento, An\u00e1lise e Manuten\u00e7\u00e3o de Software, Lda.&#8221; tab_id=&#8221;1508778541642-b66955b0-03b4&#8243;][vc_column_text]Rua Ferreira de Castro, n\u00ba 125<br \/>\nVilar do Para\u00edso<br \/>\n4405-858 Vila Nova de Gaia<\/p>\n<p><i class=\"fa fa-phone\" aria-hidden=\"true\"><\/i>\u00a0 +351 227 169 520<br \/>\n<i class=\"fa fa-envelope\" aria-hidden=\"true\"><\/i>\u00a0 <a href=\"mailto:dams@dams.pt\">dams@dams.pt<\/a><br \/>\n<i class=\"fa fa-globe\" aria-hidden=\"true\"><\/i>\u00a0 www.dams.pt[\/vc_column_text][\/vc_tta_section][vc_tta_section title=&#8221;Digitalflow, Unipessoal, Lda.&#8221; tab_id=&#8221;1508778543551-14a0549d-86a6&#8243;][vc_column_text]Rua de Salazares, n\u00ba842<\/p>\n<p>4149-002 Porto<\/p>\n<p><i class=\"fa fa-phone\" aria-hidden=\"true\"><\/i>\u00a0 \u00a0+351 225 322 015<br \/>\n<i class=\"fa fa-envelope\" aria-hidden=\"true\"><\/i> <a href=\"mailto:digitalflow@digitalflow.pt\">digitalflow@digitalflow.pt<\/a><\/p>\n<p><i class=\"fa fa-globe\" aria-hidden=\"true\"><\/i> http:\/\/digitalflow.pt[\/vc_column_text][\/vc_tta_section][vc_tta_section title=&#8221;Expandind\u00fastria, Estudos, Projectos e Gest\u00e3o de Empresas, S.A.&#8221; tab_id=&#8221;1570187618124-8acf8f72-cf92&#8243;][vc_column_text]Avenida da Fran\u00e7a, 821<br \/>\n4250-214 Porto<br \/>\n<i class=\"fa fa-phone\" aria-hidden=\"true\"><\/i> +351 228 357 750<br \/>\n<i class=\"fa fa-envelope\" aria-hidden=\"true\"><\/i> geral@mail.expandindustria.pt<br \/>\n<i class=\"fa fa-globe\" aria-hidden=\"true\"><\/i>\u00a0 www.expandindustria.pt[\/vc_column_text][\/vc_tta_section][vc_tta_section title=&#8221;Flex\u00edvel &#8211; Consultores de Gest\u00e3o, Engenharia e Forma\u00e7\u00e3o, Lda.&#8221; tab_id=&#8221;1508778933853-cd4357e3-d328&#8243;][vc_column_text]Rua Alfredo Cunha, n\u00ba 342, 1\u00ba Andar, Sala 5<\/p>\n<div id=\"codpostal\"><span id=\"codigo\">4450-021<\/span> <span id=\"city\">Matosinhos<\/span><\/div>\n<p>&nbsp;<\/p>\n<p>+351 229 039 148<br \/>\n<i class=\"fa fa-envelope\" aria-hidden=\"true\"><\/i> <a href=\"mailto:info@flexivel-consultores.pt\">info@flexivel-consultores.pt<\/a><br \/>\n<i class=\"fa fa-globe\" aria-hidden=\"true\"><\/i>\u00a0 www.flexivel-consultores.pt[\/vc_column_text][\/vc_tta_section][\/vc_tta_accordion][vc_empty_space height=&#8221;20&#8243; el_class=&#8221;mobile-hide&#8221;][\/vc_column][vc_column width=&#8221;1\/4&#8243;][vc_tta_accordion style=&#8221;outline&#8221; shape=&#8221;square&#8221; color=&#8221;black&#8221; gap=&#8221;5&#8243; active_section=&#8221;&#8221; no_fill=&#8221;true&#8221; collapsible_all=&#8221;true&#8221;][vc_tta_section title=&#8221;Gomaval &#8211; Servi\u00e7os e Equipamentos de Escrit\u00f3rio, Lda.&#8221; tab_id=&#8221;1508492581475-956594e5-44f9&#8243;][vc_column_text]Rua da Constitui\u00e7\u00e3o, n\u00ba 1455<br \/>\n4250-168 Porto<\/p>\n<p><i class=\"fa fa-phone\" aria-hidden=\"true\"><\/i>\u00a0 \u00a0+351 228 333 300<br \/>\n<i class=\"fa fa-globe\" aria-hidden=\"true\"><\/i>\u00a0 www.gomaval.com[\/vc_column_text][\/vc_tta_section][vc_tta_section title=&#8221;Keyvalue &#8211; Solu\u00e7\u00f5es de Gest\u00e3o Lda.&#8221; tab_id=&#8221;1508778995217-b68bd803-6ddf&#8221;][vc_column_text]Rua Dr. Carlos Felgueiras, n\u00ba 98 3\u00ba D<br \/>\n4470-157 Maia<\/p>\n<p><i class=\"fa fa-phone\" aria-hidden=\"true\"><\/i>\u00a0 \u00a0+351 229 476 757<br \/>\n<i class=\"fa fa-envelope\" aria-hidden=\"true\"><\/i>\u00a0\u00a0 <a href=\"mailto:geral@keyvalue.pt\">geral@keyvalue.pt<\/a><br \/>\n<i class=\"fa fa-globe\" aria-hidden=\"true\"><\/i>\u00a0 www.keyvalue.pt[\/vc_column_text][\/vc_tta_section][vc_tta_section title=&#8221;Megastock Inform\u00e1tica, Lda.&#8221; tab_id=&#8221;1508778996169-c57aad31-11e8&#8243;][vc_column_text]Largo do Moeiro, n\u00ba 30 (EN1)<br \/>\nCarvalhos<br \/>\n4415-267 Vila Nova de Gaia<\/p>\n<p><i class=\"fa fa-phone\" aria-hidden=\"true\"><\/i>\u00a0 \u00a0+351 227 835 079<br \/>\n<i class=\"fa fa-envelope\" aria-hidden=\"true\"><\/i>\u00a0 <a href=\"mailto:lucia.pereira@megastock.pt\">lucia.pereira@megastock.pt<\/a><br \/>\n<i class=\"fa fa-globe\" aria-hidden=\"true\"><\/i>\u00a0 www.megastock.pt[\/vc_column_text][\/vc_tta_section][vc_tta_section title=&#8221;More IT, Lda.&#8221; tab_id=&#8221;1508778996970-eff3ac32-b2db&#8221;][vc_column_text]Rua Santo Ant\u00f3nio do Telheiro, n\u00ba 73<br \/>\nSala D<br \/>\n4465-249 S\u00e3o Mamede de Infesta<\/p>\n<p><i class=\"fa fa-phone\" aria-hidden=\"true\"><\/i>\u00a0 \u00a0+351 220 925 938<br \/>\n<i class=\"fa fa-envelope\" aria-hidden=\"true\"><\/i>\u00a0 <a href=\"mailto:suporte@moreit.pt\">suporte@moreit.pt<\/a><br \/>\n<i class=\"fa fa-globe\" aria-hidden=\"true\"><\/i>\u00a0 www.moreit.pt[\/vc_column_text][\/vc_tta_section][vc_tta_section title=&#8221;MServi\u00e7os2 &#8211; Manuten\u00e7\u00e3o de Computadores,SA.&#8221; tab_id=&#8221;1508778997909-ccabd021-23a2&#8243;][vc_column_text]Rua \u00d3scar da Silva, 213<br \/>\n4200-434 Porto<\/p>\n<p><i class=\"fa fa-phone\" aria-hidden=\"true\"><\/i>\u00a0 \u00a0+351 225 573 400<br \/>\n<i class=\"fa fa-envelope\" aria-hidden=\"true\"><\/i>\u00a0 <a href=\"mailto:ms2po@mserv2.pt\">ms2po@mserv2.pt<\/a><br \/>\n<i class=\"fa fa-globe\" aria-hidden=\"true\"><\/i>\u00a0 www.mserv2.pt[\/vc_column_text][\/vc_tta_section][vc_tta_section title=&#8221;MTE &#8211; Medicina do Trabalho e Engenharia Lda&#8221; tab_id=&#8221;1508778998675-f13d0020-673d&#8221;][vc_column_text]Rua de Quir\u00e1s, N\u00ba 498<br \/>\nS. Pedro de Avioso<br \/>\n4475-724 Maia<\/p>\n<p><i class=\"fa fa-phone\" aria-hidden=\"true\"><\/i>\u00a0 \u00a0+351 229 821 972<br \/>\n<i class=\"fa fa-envelope\" aria-hidden=\"true\"><\/i>\u00a0<a href=\"mailto:mte@mte.pt\">mte@mte.pt<\/a><br \/>\n<i class=\"fa fa-globe\" aria-hidden=\"true\"><\/i>\u00a0 www.mte.pt[\/vc_column_text][\/vc_tta_section][vc_tta_section title=&#8221;VISUALWORK &#8211; Ag\u00eancia de Webdesign Unipessoal Lda.&#8221; tab_id=&#8221;1508779238205-b852e908-9ba1&#8243;][vc_column_text]Rua Miguel Bombarda 124 R\/C Sala A<br \/>\n4050-377 Porto<\/p>\n<p><i class=\"fa fa-phone\" aria-hidden=\"true\"><\/i>\u00a0 +351 222 016 297<br \/>\n<i class=\"fa fa-envelope\" aria-hidden=\"true\"><\/i>\u00a0 <a href=\"mailto:paulo.barbosa@visualwork.pt\">paulo.barbosa@visualwork.pt<\/a><br \/>\n<i class=\"fa fa-globe\" aria-hidden=\"true\"><\/i>\u00a0 www.visualwork.pt[\/vc_column_text][\/vc_tta_section][\/vc_tta_accordion][\/vc_column][vc_column width=&#8221;1\/4&#8243;][\/vc_column][\/vc_row][vc_row el_class=&#8221;pd-15&#8243;][vc_column width=&#8221;1\/4&#8243;][\/vc_column][vc_column width=&#8221;1\/4&#8243;][vc_column_text]\n<p style=\"text-align: left;\"><strong><span style=\"font-size: 22px; color: #4d93d5;\">VIANA DO CASTELO<\/span><\/strong><\/p>\n[\/vc_column_text][\/vc_column][vc_column width=&#8221;1\/4&#8243;][\/vc_column][vc_column width=&#8221;1\/4&#8243;][\/vc_column][\/vc_row][vc_row el_class=&#8221;pd-15&#8243;][vc_column width=&#8221;1\/4&#8243;][\/vc_column][vc_column width=&#8221;1\/4&#8243;][vc_tta_accordion style=&#8221;outline&#8221; shape=&#8221;square&#8221; color=&#8221;black&#8221; gap=&#8221;5&#8243; active_section=&#8221;&#8221; no_fill=&#8221;true&#8221; collapsible_all=&#8221;true&#8221;][vc_tta_section title=&#8221;Digiheart &#8211; Consultadoria e Servi\u00e7os Em Tecnologias de Informa\u00e7\u00e3o&#8221; tab_id=&#8221;1508492451544-99750d3e-d0bf&#8221;][vc_column_text]Largo Montinho N.\u00ba 1<br \/>\nMazarefes<br \/>\n4935-472 Viana do Castelo<\/p>\n<p><i class=\"fa fa-phone\" aria-hidden=\"true\"><\/i>\u00a0 +351 917 017 652<br \/>\n<i class=\"fa fa-envelope\" aria-hidden=\"true\"><\/i>\u00a0 <a href=\"mailto:geral@digiheart.pt\">geral@digiheart.pt<\/a><br \/>\n<i class=\"fa fa-globe\" aria-hidden=\"true\"><\/i>\u00a0 www.digiheart.pt[\/vc_column_text][\/vc_tta_section][\/vc_tta_accordion][vc_empty_space height=&#8221;20&#8243; el_class=&#8221;mobile-hide&#8221;][\/vc_column][vc_column width=&#8221;1\/4&#8243;][\/vc_column][vc_column width=&#8221;1\/4&#8243;][\/vc_column][\/vc_row][vc_row el_class=&#8221;pd-15&#8243;][vc_column width=&#8221;1\/4&#8243;][\/vc_column][vc_column width=&#8221;1\/2&#8243;][vc_empty_space height=&#8221;20&#8243; el_class=&#8221;mobile-hide&#8221;][vc_text_separator title=&#8221;CENTER&#8221; color=&#8221;custom&#8221; accent_color=&#8221;#4d4d4d&#8221;][vc_empty_space height=&#8221;20&#8243; el_class=&#8221;mobile-hide&#8221;][\/vc_column][vc_column width=&#8221;1\/4&#8243;][\/vc_column][\/vc_row][vc_row el_class=&#8221;pd-15&#8243;][vc_column width=&#8221;1\/4&#8243;][\/vc_column][vc_column width=&#8221;1\/4&#8243;][vc_column_text]\n<p style=\"text-align: left;\"><strong><span style=\"font-size: 22px; color: #4d93d5;\">AVEIRO<\/span><\/strong><\/p>\n[\/vc_column_text][\/vc_column][vc_column width=&#8221;1\/4&#8243;][\/vc_column][vc_column width=&#8221;1\/4&#8243;][\/vc_column][\/vc_row][vc_row el_class=&#8221;pd-15&#8243;][vc_column width=&#8221;1\/4&#8243;][\/vc_column][vc_column width=&#8221;1\/4&#8243;][vc_tta_accordion style=&#8221;outline&#8221; shape=&#8221;square&#8221; color=&#8221;black&#8221; gap=&#8221;5&#8243; active_section=&#8221;&#8221; no_fill=&#8221;true&#8221; collapsible_all=&#8221;true&#8221;][vc_tta_section title=&#8221;Digitalmente &#8211; Novas Tecnologias de Comunica\u00e7\u00e3o Lda&#8221; tab_id=&#8221;1508492635953-4200bd66-5de4&#8243;][vc_column_text]Rua Padre Donaciano Abreu Freire N\u00ba 43 Rc A \u00a0&#8211; \u00a03860-384 Estarreja<\/p>\n<p><i class=\"fa fa-phone\" aria-hidden=\"true\"><\/i>\u00a0 +351 234 081 249<br \/>\n<i class=\"fa fa-envelope\" aria-hidden=\"true\"><\/i>\u00a0 <a href=\"mailto:gerencia@digitalmente.net\">gerencia@digitalmente.net<\/a><br \/>\n<i class=\"fa fa-globe\" aria-hidden=\"true\"><\/i>\u00a0\u00a0www.digitalmente.net[\/vc_column_text][\/vc_tta_section][vc_tta_section title=&#8221;Edic\u00f3pia, Sociedade de Equipamentos de Escrit\u00f3rio, Lda.&#8221; tab_id=&#8221;1541780158161-e0545b0c-ab91&#8243;][vc_column_text]Estrada Nacional 109, 38C R\/Ch DT\u00ba Quinta do Sim\u00e3o, Esgueira<br \/>\n3800-228, Aveiro, Portugal<\/p>\n<p><i class=\"fa fa-phone\" aria-hidden=\"true\"><\/i>\u00a0 +351 234 426 771<br \/>\n<i class=\"fa fa-envelope\" aria-hidden=\"true\"><\/i>\u00a0 <a href=\"mailto:geral@edicopia.pt\">geral@edicopia.pt<\/a><br \/>\n<i class=\"fa fa-globe\" aria-hidden=\"true\"><\/i>\u00a0\u00a0https:\/\/edicopia.pt[\/vc_column_text][\/vc_tta_section][\/vc_tta_accordion][vc_empty_space height=&#8221;20&#8243; el_class=&#8221;mobile-hide&#8221;][\/vc_column][vc_column width=&#8221;1\/4&#8243;][vc_tta_accordion style=&#8221;outline&#8221; shape=&#8221;square&#8221; color=&#8221;black&#8221; gap=&#8221;5&#8243; active_section=&#8221;&#8221; no_fill=&#8221;true&#8221; collapsible_all=&#8221;true&#8221;][vc_tta_section title=&#8221;FullCom &#8211; Solu\u00e7\u00e3o e Servi\u00e7os de Comunica\u00e7\u00f5es, Lda.&#8221; tab_id=&#8221;1508492637938-158d498a-8c77&#8243;][vc_column_text]Rua Mestre Ant\u00f3nio Joaquim Pintor, N\u00ba 10 A \u00a04520-239 Santa Maria da Feira<\/p>\n<p><i class=\"fa fa-phone\" aria-hidden=\"true\"><\/i>\u00a0 +351 256 202 080<br \/>\n<i class=\"fa fa-envelope\" aria-hidden=\"true\"><\/i>\u00a0 <a href=\"mailto:geral@fullcom.pt\">geral@fullcom.pt<\/a><br \/>\n<i class=\"fa fa-globe\" aria-hidden=\"true\"><\/i>\u00a0\u00a0www.fullcom.pt[\/vc_column_text][\/vc_tta_section][\/vc_tta_accordion][\/vc_column][vc_column width=&#8221;1\/4&#8243;][\/vc_column][\/vc_row][vc_row el_class=&#8221;pd-15&#8243;][vc_column width=&#8221;1\/4&#8243;][\/vc_column][vc_column width=&#8221;1\/4&#8243;][vc_column_text]\n<p style=\"text-align: left;\"><strong><span style=\"font-size: 22px; color: #4d93d5;\">CASTELO BRANCO<\/span><\/strong><\/p>\n[\/vc_column_text][\/vc_column][vc_column width=&#8221;1\/4&#8243;][\/vc_column][vc_column width=&#8221;1\/4&#8243;][\/vc_column][\/vc_row][vc_row el_class=&#8221;pd-15&#8243;][vc_column width=&#8221;1\/4&#8243;][\/vc_column][vc_column width=&#8221;1\/4&#8243;][vc_tta_accordion style=&#8221;outline&#8221; shape=&#8221;square&#8221; color=&#8221;black&#8221; gap=&#8221;5&#8243; active_section=&#8221;&#8221; no_fill=&#8221;true&#8221; collapsible_all=&#8221;true&#8221;][vc_tta_section title=&#8221;SFLAG &#8211; Sistemas de Inform\u00e1tica, Lda&#8221; tab_id=&#8221;1508492696764-8cbd1d0c-268c&#8221;][vc_column_text]Avenida General Humberto Delgado, 78\/80 \u2013 3\u00baF<br \/>\n6000-081 Castelo Branco<\/p>\n<p><i class=\"fa fa-phone\" aria-hidden=\"true\"><\/i>\u00a0 +351 272 321 706<br \/>\n<i class=\"fa fa-envelope\" aria-hidden=\"true\"><\/i>\u00a0<a href=\"mailto:comercial@sflag.pt\">comercial@sflag.pt<\/a><\/p>\n<p><i class=\"fa fa-globe\" aria-hidden=\"true\"><\/i> www.sflag.pt[\/vc_column_text][\/vc_tta_section][\/vc_tta_accordion][vc_empty_space height=&#8221;20&#8243; el_class=&#8221;mobile-hide&#8221;][\/vc_column][vc_column width=&#8221;1\/4&#8243;][\/vc_column][vc_column width=&#8221;1\/4&#8243;][\/vc_column][\/vc_row][vc_row el_class=&#8221;pd-15&#8243;][vc_column width=&#8221;1\/4&#8243;][\/vc_column][vc_column width=&#8221;1\/4&#8243;][vc_column_text]\n<p style=\"text-align: left;\"><strong><span style=\"font-size: 22px; color: #4d93d5;\">COIMBRA<\/span><\/strong><\/p>\n[\/vc_column_text][\/vc_column][vc_column width=&#8221;1\/4&#8243;][\/vc_column][vc_column width=&#8221;1\/4&#8243;][\/vc_column][\/vc_row][vc_row el_class=&#8221;pd-15&#8243;][vc_column width=&#8221;1\/4&#8243;][\/vc_column][vc_column width=&#8221;1\/4&#8243;][vc_tta_accordion style=&#8221;outline&#8221; shape=&#8221;square&#8221; color=&#8221;black&#8221; gap=&#8221;5&#8243; active_section=&#8221;&#8221; no_fill=&#8221;true&#8221; collapsible_all=&#8221;true&#8221;][vc_tta_section title=&#8221;Base Bin\u00e1ria &#8211; Consultoria em Tecnologias em Sistemas de Informa\u00e7\u00e3o, Lda&#8221; tab_id=&#8221;1545229530929-94deb78e-c73d&#8221;][vc_column_text]Rua Marqu\u00eas de Pombal, n\u00ba52 3060-734 Cantanhede<\/p>\n<p><i class=\"fa fa-phone\" aria-hidden=\"true\"><\/i>\u00a0 +351 219 205 400<br \/>\n<i class=\"fa fa-envelope\" aria-hidden=\"true\"><\/i>\u00a0 <a href=\"mailto:geral@base-binaria.pt\">geral@base-binaria.pt<\/a><br \/>\n<i class=\"fa fa-globe\" aria-hidden=\"true\"><\/i>\u00a0 base-binaria.pt[\/vc_column_text][\/vc_tta_section][\/vc_tta_accordion][vc_empty_space height=&#8221;20&#8243; el_class=&#8221;mobile-hide&#8221;][\/vc_column][vc_column width=&#8221;1\/4&#8243;][vc_tta_accordion style=&#8221;outline&#8221; shape=&#8221;square&#8221; color=&#8221;black&#8221; gap=&#8221;5&#8243; active_section=&#8221;&#8221; no_fill=&#8221;true&#8221; collapsible_all=&#8221;true&#8221;][vc_tta_section title=&#8221;Gispert &#8211; Equipamentos e Servi\u00e7os, Lda.&#8221; tab_id=&#8221;1545229531101-10c7fe02-c3c1&#8243;][vc_column_text]Rua Jos\u00e9 Augusto Frutuoso, Lote 7 \u2013 N.\u00ba 4 Relvinha Edif\u00edcio Triangular 3025-029 Coimbra<\/p>\n<p><i class=\"fa fa-phone\" aria-hidden=\"true\"><\/i>\u00a0 +351 239 499 170<br \/>\n<i class=\"fa fa-envelope\" aria-hidden=\"true\"><\/i>\u00a0 <a href=\"mailto:info@gispert.pt\">info@gispert.pt<\/a><br \/>\n<i class=\"fa fa-globe\" aria-hidden=\"true\"><\/i>\u00a0\u00a0www.gispert.pt[\/vc_column_text][\/vc_tta_section][\/vc_tta_accordion][\/vc_column][vc_column width=&#8221;1\/4&#8243;][\/vc_column][\/vc_row][vc_row el_class=&#8221;pd-15&#8243;][vc_column width=&#8221;1\/4&#8243;][\/vc_column][vc_column width=&#8221;1\/4&#8243;][vc_column_text]\n<p style=\"text-align: left;\"><strong><span style=\"font-size: 22px; color: #4d93d5;\">LEIRIA<\/span><\/strong><\/p>\n[\/vc_column_text][\/vc_column][vc_column width=&#8221;1\/4&#8243;][\/vc_column][vc_column width=&#8221;1\/4&#8243;][\/vc_column][\/vc_row][vc_row el_class=&#8221;pd-15&#8243;][vc_column width=&#8221;1\/4&#8243;][\/vc_column][vc_column width=&#8221;1\/4&#8243;][vc_tta_accordion style=&#8221;outline&#8221; shape=&#8221;square&#8221; color=&#8221;black&#8221; gap=&#8221;5&#8243; active_section=&#8221;&#8221; no_fill=&#8221;true&#8221; collapsible_all=&#8221;true&#8221;][vc_tta_section title=&#8221;id4software \u2013 Sistemas de informa\u00e7\u00e3o, Lda.&#8221; tab_id=&#8221;1508492720334-72d4d186-0b91&#8243;][vc_column_text]Aldeamento Santa Clara \u00a0Rua da Carvalha, n\u00ba 570 \u00a0 2400-441 Leiria<\/p>\n<p><i class=\"fa fa-phone\" aria-hidden=\"true\"><\/i>\u00a0+351 244 849 810<br \/>\n<i class=\"fa fa-envelope\" aria-hidden=\"true\"><\/i>\u00a0 <a href=\"mailto:geral@id4software.com\">geral@id4software.com<\/a><br \/>\n<i class=\"fa fa-globe\" aria-hidden=\"true\"><\/i>\u00a0 www.id4software.com[\/vc_column_text][\/vc_tta_section][\/vc_tta_accordion][vc_empty_space height=&#8221;20&#8243; el_class=&#8221;mobile-hide&#8221;][\/vc_column][vc_column width=&#8221;1\/4&#8243;][vc_tta_accordion style=&#8221;outline&#8221; shape=&#8221;square&#8221; color=&#8221;black&#8221; gap=&#8221;5&#8243; active_section=&#8221;&#8221; no_fill=&#8221;true&#8221; collapsible_all=&#8221;true&#8221;][vc_tta_section title=&#8221;MakeWise &#8211; Engenharia de Sistemas de Informa\u00e7\u00e3o, Lda.&#8221; tab_id=&#8221;1508492722614-677e8d77-015f&#8221;][vc_column_text]Parque Tecnol\u00f3gico de \u00d3bidos Edif\u00edcios Centrais Rua da Criatividade 2510-216 \u00d3bidos<\/p>\n<p><i class=\"fa fa-phone\" aria-hidden=\"true\"><\/i>+351 244 849 810<br \/>\n<i class=\"fa fa-envelope\" aria-hidden=\"true\"><\/i>\u00a0 <a href=\"mailto:hello@makewise.pt\">hello@makewise.pt<\/a><br \/>\n<i class=\"fa fa-globe\" aria-hidden=\"true\"><\/i>\u00a0 www.makewise.pt[\/vc_column_text][\/vc_tta_section][\/vc_tta_accordion][\/vc_column][vc_column width=&#8221;1\/4&#8243;][\/vc_column][\/vc_row][vc_row el_class=&#8221;pd-15&#8243;][vc_column width=&#8221;1\/4&#8243;][\/vc_column][vc_column width=&#8221;1\/4&#8243;][vc_column_text]\n<p style=\"text-align: left;\"><strong><span style=\"font-size: 22px; color: #4d93d5;\">LISBOA<\/span><\/strong><\/p>\n[\/vc_column_text][\/vc_column][vc_column width=&#8221;1\/4&#8243;][\/vc_column][vc_column width=&#8221;1\/4&#8243;][\/vc_column][\/vc_row][vc_row el_class=&#8221;pd-15&#8243;][vc_column width=&#8221;1\/4&#8243;][\/vc_column][vc_column width=&#8221;1\/4&#8243;][vc_tta_accordion style=&#8221;outline&#8221; shape=&#8221;square&#8221; color=&#8221;black&#8221; gap=&#8221;5&#8243; active_section=&#8221;&#8221; no_fill=&#8221;true&#8221; collapsible_all=&#8221;true&#8221;][vc_tta_section title=&#8221;Acidados &#8211; Inform\u00e1tica E Comunica\u00e7\u00f5es, S.A.&#8221; tab_id=&#8221;1541780335304-d9feddc5-6748&#8243;][vc_column_text]Av. Salgueiro Maia, n\u00ba 1072 A\/B Ab\u00f3boda<br \/>\n2785 &#8211; 502 S\u00e3o Domingos de Rana<\/p>\n<p><i class=\"fa fa-phone\" aria-hidden=\"true\"><\/i>\u00a0 +351 213 867 184<br \/>\n<i class=\"fa fa-envelope\" aria-hidden=\"true\"><\/i>\u00a0 <a href=\"mailto:geral@acidados.pt\">geral@acidados.pt<\/a><br \/>\n<i class=\"fa fa-globe\" aria-hidden=\"true\"><\/i>\u00a0\u00a0www.acidados.pt[\/vc_column_text][\/vc_tta_section][vc_tta_section title=&#8221;Acitel &#8211; Servi\u00e7os de Telecomunica\u00e7\u00f5es&#8221; tab_id=&#8221;1541780515275-001f0dc7-70f8&#8243;][vc_column_text]Av. Salgueiro Maia 1072, A\/B, Ab\u00f3boda<br \/>\n2785-502 S\u00e3o Domingos de Rana<\/p>\n<p><i class=\"fa fa-phone\" aria-hidden=\"true\"><\/i>\u00a0 +351 217 620 300<br \/>\n<i class=\"fa fa-globe\" aria-hidden=\"true\"><\/i>\u00a0\u00a0www.acitel.pt[\/vc_column_text][\/vc_tta_section][vc_tta_section title=&#8221;ArtVision Business Solutions&#8221; tab_id=&#8221;1543500443025-d6c8b4c9-ba82&#8243;][vc_column_text]Rua Alto do Montijo, 15<br \/>\n2790-012 Carnaxide, Portugal<\/p>\n<p><i class=\"fa fa-phone\" aria-hidden=\"true\"><\/i>\u00a0 351 217 107 240<br \/>\n<i class=\"fa fa-envelope\" aria-hidden=\"true\"><\/i>\u00a0<a href=\"mailto:info@artvision.pt\">info@artvision.pt<\/a><br \/>\n<i class=\"fa fa-globe\" aria-hidden=\"true\"><\/i>\u00a0 www.artvision.pt[\/vc_column_text][\/vc_tta_section][vc_tta_section title=&#8221;Expandind\u00fastria, Estudos, Projectos e Gest\u00e3o de Empresas, S.A. &#8221; tab_id=&#8221;1570187688079-c58df8d7-a3ee&#8221;][vc_column_text]Rua Manuel Jesus Coelho, 12 &#8211; 5.\u00ba<br \/>\n1150-220 Lisboa<br \/>\n<i class=\"fa fa-phone\" aria-hidden=\"true\"><\/i> +351 213 571 877<br \/>\n<i class=\"fa fa-envelope\" aria-hidden=\"true\"><\/i> geral@mail.expandindustria.pt<br \/>\n<i class=\"fa fa-globe\" aria-hidden=\"true\"><\/i>\u00a0 www.expandindustria.pt[\/vc_column_text][\/vc_tta_section][vc_tta_section title=&#8221;INOVAZUL, Lda.&#8221; tab_id=&#8221;1508492737380-b462d7d6-bc70&#8243;][vc_column_text]Rua Lions Club da Amadora N\u00ba 9-A \u00a0 Alfragide \u00a02610-025 Amadora<\/p>\n<p><i class=\"fa fa-phone\" aria-hidden=\"true\"><\/i>\u00a0 +351 217 979 174<br \/>\n<i class=\"fa fa-envelope\" aria-hidden=\"true\"><\/i>\u00a0\u00a0 <a href=\"mailto:comercial@inovazul.com\">comercial@inovazul.com<\/a><br \/>\n<i class=\"fa fa-globe\" aria-hidden=\"true\"><\/i>\u00a0 www.inovazul.com[\/vc_column_text][\/vc_tta_section][vc_tta_section title=&#8221;Konica Minolta Business Solutions Portugal, Unipessoal, Lda.&#8221; tab_id=&#8221;1508492738126-6aa83855-9e05&#8243;][vc_column_text]Ed. Sagres \u00a0Rua Prof. Henrique de Barros, 4 \u2013 10\u00baB \u00a02685-338 Prior Velho \u2013 Lisboa<\/p>\n<p><i class=\"fa fa-phone\" aria-hidden=\"true\"><\/i>\u00a0 +351 219 492 000<br \/>\n<i class=\"fa fa-globe\" aria-hidden=\"true\"><\/i>\u00a0\u00a0www.konicaminolta.pt[\/vc_column_text][\/vc_tta_section][\/vc_tta_accordion][vc_empty_space height=&#8221;20&#8243; el_id=&#8221;sul&#8221; el_class=&#8221;mobile-hide&#8221;][\/vc_column][vc_column width=&#8221;1\/4&#8243;][vc_tta_accordion style=&#8221;outline&#8221; shape=&#8221;square&#8221; color=&#8221;black&#8221; gap=&#8221;5&#8243; active_section=&#8221;&#8221; no_fill=&#8221;true&#8221; collapsible_all=&#8221;true&#8221;][vc_tta_section title=&#8221;MOTORSOFT- Global Automotive Management Systems, Lda.&#8221; tab_id=&#8221;1543500474222-ab98a20e-9ca2&#8243;][vc_column_text]Av. Liberdade 129 \u2013 6\u00b0D 1250 \u2013 140 Lisboa<\/p>\n<p><i class=\"fa fa-phone\" aria-hidden=\"true\"><\/i>\u00a0 +351 213 242 280<br \/>\n<i class=\"fa fa-envelope\" aria-hidden=\"true\"><\/i>\u00a0 <a href=\"mailto:atanque@motorsoft.eu\">atanque@motorsoft.eu<\/a><br \/>\n<i class=\"fa fa-globe\" aria-hidden=\"true\"><\/i>\u00a0\u00a0www.motorsoft.eu[\/vc_column_text][\/vc_tta_section][vc_tta_section title=&#8221;Open Solutions Information Technology Lda.&#8221; tab_id=&#8221;1541780753434-c16d6e9b-4f6f&#8221;][vc_column_text]Beloura Business Center<br \/>\nAvenida Pedro \u00c1lvares Cabral, n 157, Bloco 6 r\/c A 2710-702 Sintra<\/p>\n<p><i class=\"fa fa-phone\" aria-hidden=\"true\"><\/i>\u00a0 +351 211 452 200<br \/>\n<i class=\"fa fa-envelope\" aria-hidden=\"true\"><\/i>\u00a0 <a href=\"mailto:info@opensolutions.pt\">info@opensolutions.pt<\/a><br \/>\n<i class=\"fa fa-globe\" aria-hidden=\"true\"><\/i>\u00a0 opensolutions.pt[\/vc_column_text][\/vc_tta_section][vc_tta_section title=&#8221;PCHouse &#8211; Reflex\u00e3o, Estudos e Sistemas Inform\u00e1ticos, Lda.&#8221; tab_id=&#8221;1508492739685-a792fa8e-095e&#8221;][vc_column_text]Rua Her\u00f3is de Quionga, 64-C<br \/>\n1170-180 Lisboa<\/p>\n<p><i class=\"fa fa-phone\" aria-hidden=\"true\"><\/i>\u00a0 +351 218 162 999<br \/>\n<i class=\"fa fa-envelope\" aria-hidden=\"true\"><\/i>\u00a0 <a href=\"mailto:geral@pchouse.pt\">geral@pchouse.pt<\/a><br \/>\n<i class=\"fa fa-globe\" aria-hidden=\"true\"><\/i>\u00a0\u00a0www.pchouse.pt[\/vc_column_text][\/vc_tta_section][vc_tta_section title=&#8221;Tecnirede Comunica\u00e7\u00e3o de Dados, S.A.&#8221; tab_id=&#8221;1508779849338-87912558-06fa&#8221;][vc_column_text]Praceta das Flores, n\u00ba 6 A e B Qta. Grande Alfragide<br \/>\n2610-074 Amadora<\/p>\n<p><i class=\"fa fa-phone\" aria-hidden=\"true\"><\/i>+351 217 910 150<br \/>\n<i class=\"fa fa-envelope\" aria-hidden=\"true\"><\/i>\u00a0 <a href=\"mailto:trede@tecnirede.pt\">trede@tecnirede.pt<\/a><br \/>\n<i class=\"fa fa-globe\" aria-hidden=\"true\"><\/i> www.tecnirede.pt[\/vc_column_text][\/vc_tta_section][vc_tta_section title=&#8221;Timestamp &#8211; Sistemas de Informa\u00e7\u00e3o S.A.&#8221; tab_id=&#8221;1508779851837-2b98d723-54a5&#8243;][vc_column_text]Pra\u00e7a de Alvalade n.\u00ba 6 \u2013 11\u00ba F 1700-036 Lisboa<\/p>\n<p><i class=\"fa fa-phone\" aria-hidden=\"true\"><\/i>+351 213 504 870<br \/>\n<i class=\"fa fa-envelope\" aria-hidden=\"true\"><\/i>\u00a0<a href=\"mailto:geral@timestampgroup.com\">geral@timestampgroup.com<\/a><br \/>\n<i class=\"fa fa-globe\" aria-hidden=\"true\"><\/i> https:\/\/timestampgroup.com[\/vc_column_text][\/vc_tta_section][\/vc_tta_accordion][vc_empty_space height=&#8221;0&#8243; el_id=&#8221;south&#8221;][\/vc_column][vc_column width=&#8221;1\/4&#8243;][\/vc_column][\/vc_row][vc_row el_class=&#8221;pd-15&#8243;][vc_column width=&#8221;1\/4&#8243;][\/vc_column][vc_column width=&#8221;1\/2&#8243;][vc_empty_space height=&#8221;20&#8243; el_class=&#8221;mobile-hide&#8221;][vc_text_separator title=&#8221;SOUTH&#8221; color=&#8221;custom&#8221; accent_color=&#8221;#4d4d4d&#8221;][vc_empty_space height=&#8221;20&#8243; el_class=&#8221;mobile-hide&#8221;][\/vc_column][vc_column width=&#8221;1\/4&#8243;][\/vc_column][\/vc_row][vc_row el_class=&#8221;pd-15&#8243;][vc_column width=&#8221;1\/4&#8243;][\/vc_column][vc_column width=&#8221;1\/4&#8243;][vc_column_text]\n<p style=\"text-align: left;\"><strong><span style=\"font-size: 22px; color: #4d93d5;\">FARO<\/span><\/strong><\/p>\n[\/vc_column_text][\/vc_column][vc_column width=&#8221;1\/4&#8243;][\/vc_column][vc_column width=&#8221;1\/4&#8243;][\/vc_column][\/vc_row][vc_row el_class=&#8221;pd-15&#8243;][vc_column width=&#8221;1\/4&#8243;][\/vc_column][vc_column width=&#8221;1\/4&#8243;][vc_tta_accordion style=&#8221;outline&#8221; shape=&#8221;square&#8221; color=&#8221;black&#8221; gap=&#8221;5&#8243; active_section=&#8221;&#8221; no_fill=&#8221;true&#8221; collapsible_all=&#8221;true&#8221;][vc_tta_section title=&#8221;Algardata &#8211; Sistemas Inform\u00e1ticos SA.&#8221; tab_id=&#8221;1508492754784-b8df9681-6141&#8243;][vc_column_text]Parque Industrial de Loul\u00e9<br \/>\nEdif\u00edcio Inovacenter<br \/>\n8100-272 Loul\u00e9<\/p>\n<p><i class=\"fa fa-phone\" aria-hidden=\"true\"><\/i>\u00a0 +351 289 300 180<br \/>\n<i class=\"fa fa-envelope\" aria-hidden=\"true\"><\/i>\u00a0 comercial@algardata.pt<br \/>\n<i class=\"fa fa-globe\" aria-hidden=\"true\"><\/i>\u00a0\u00a0www.algardata.pt[\/vc_column_text][\/vc_tta_section][\/vc_tta_accordion][vc_empty_space height=&#8221;20&#8243; el_id=&#8221;ilhas&#8221; el_class=&#8221;mobile-hide&#8221;][\/vc_column][vc_column width=&#8221;1\/4&#8243;][vc_tta_accordion style=&#8221;outline&#8221; shape=&#8221;square&#8221; color=&#8221;black&#8221; gap=&#8221;5&#8243; active_section=&#8221;&#8221; no_fill=&#8221;true&#8221; collapsible_all=&#8221;true&#8221;][vc_tta_section title=&#8221;Ethernet &#8211; Solu\u00e7\u00f5es Inform\u00e1ticas Lda.&#8221; tab_id=&#8221;1508492757323-a2170ffa-263c&#8221;][vc_column_text]Pra\u00e7a da Alfarrobeira, N\u00ba 5A<br \/>\n8000-502 Faro<\/p>\n<p><i class=\"fa fa-phone\" aria-hidden=\"true\"><\/i>\u00a0 +351 289 873 204<br \/>\n<i class=\"fa fa-envelope\" aria-hidden=\"true\"><\/i>\u00a0 <a href=\"mailto:com@eth.pt\">com@eth.pt<\/a><br \/>\n<i class=\"fa fa-globe\" aria-hidden=\"true\"><\/i>\u00a0\u00a0www.eth.pt[\/vc_column_text][\/vc_tta_section][\/vc_tta_accordion][\/vc_column][vc_column width=&#8221;1\/4&#8243;][\/vc_column][\/vc_row][vc_row el_class=&#8221;pd-15&#8243;][vc_column width=&#8221;1\/4&#8243;][\/vc_column][vc_column width=&#8221;1\/2&#8243;][vc_empty_space height=&#8221;20&#8243; el_class=&#8221;mobile-hide&#8221;][vc_text_separator title=&#8221;ISLANDS&#8221; color=&#8221;black&#8221;][vc_empty_space height=&#8221;20&#8243; el_class=&#8221;mobile-hide&#8221;][\/vc_column][vc_column width=&#8221;1\/4&#8243;][\/vc_column][\/vc_row][vc_row el_class=&#8221;pd-15&#8243;][vc_column width=&#8221;1\/4&#8243;][\/vc_column][vc_column width=&#8221;1\/4&#8243;][vc_column_text]\n<p style=\"text-align: left;\"><strong><span style=\"font-size: 22px; color: #4d93d5;\">REGI\u00c3O AUT\u00d3NOMA DA MADEIRA<\/span><\/strong><\/p>\n[\/vc_column_text][\/vc_column][vc_column width=&#8221;1\/4&#8243;][\/vc_column][vc_column width=&#8221;1\/4&#8243;][\/vc_column][\/vc_row][vc_row el_class=&#8221;pd-15&#8243;][vc_column width=&#8221;1\/4&#8243;][\/vc_column][vc_column width=&#8221;1\/4&#8243;][vc_tta_accordion style=&#8221;outline&#8221; shape=&#8221;square&#8221; color=&#8221;black&#8221; gap=&#8221;5&#8243; active_section=&#8221;&#8221; no_fill=&#8221;true&#8221; collapsible_all=&#8221;true&#8221;][vc_tta_section title=&#8221;INFOR-RAM &#8211; Sistemas de Gest\u00e3o Informatizada Lda.&#8221; tab_id=&#8221;1508492772583-1a4f5e8f-f001&#8243;][vc_column_text]Rua da Carreira 138 1 \u00ba Caixa Postal 57<br \/>\n9001-901 Funchal<\/p>\n<p><i class=\"fa fa-phone\" aria-hidden=\"true\"><\/i>+351 291 220 697<br \/>\n<i class=\"fa fa-envelope\" aria-hidden=\"true\"><\/i>\u00a0 <a href=\"mailto:geral@infor-ram.pt\">geral@infor-ram.pt<\/a>[\/vc_column_text][\/vc_tta_section][\/vc_tta_accordion][vc_empty_space height=&#8221;50&#8243; el_class=&#8221;mobile-hide&#8221;][\/vc_column][vc_column width=&#8221;1\/4&#8243;][\/vc_column][vc_column width=&#8221;1\/4&#8243;][\/vc_column][\/vc_row]\n","protected":false},"excerpt":{"rendered":"<p>[vc_row][vc_column][vc_empty_space height=&#8221;150&#8243;][\/vc_column][\/vc_row][vc_row][vc_column width=&#8221;1\/4&#8243;][\/vc_column][vc_column width=&#8221;1\/2&#8243; el_class=&#8221;pd-15&#8243;][vc_empty_space height=&#8221;30&#8243;][vc_custom_heading text=&#8221;IPORTALDOC, CLOSER TO YOU THANKS TO OUR NETWORK OF&#8230;<\/p>\n","protected":false},"author":2,"featured_media":0,"parent":0,"menu_order":0,"comment_status":"closed","ping_status":"closed","template":"page_page_builder_fullwidth.php","meta":{"footnotes":""},"_links":{"self":[{"href":"https:\/\/www.iportaldoc.pt\/en\/wp-json\/wp\/v2\/pages\/882"}],"collection":[{"href":"https:\/\/www.iportaldoc.pt\/en\/wp-json\/wp\/v2\/pages"}],"about":[{"href":"https:\/\/www.iportaldoc.pt\/en\/wp-json\/wp\/v2\/types\/page"}],"author":[{"embeddable":true,"href":"https:\/\/www.iportaldoc.pt\/en\/wp-json\/wp\/v2\/users\/2"}],"replies":[{"embeddable":true,"href":"https:\/\/www.iportaldoc.pt\/en\/wp-json\/wp\/v2\/comments?post=882"}],"version-history":[{"count":60,"href":"https:\/\/www.iportaldoc.pt\/en\/wp-json\/wp\/v2\/pages\/882\/revisions"}],"predecessor-version":[{"id":8096,"href":"https:\/\/www.iportaldoc.pt\/en\/wp-json\/wp\/v2\/pages\/882\/revisions\/8096"}],"wp:attachment":[{"href":"https:\/\/www.iportaldoc.pt\/en\/wp-json\/wp\/v2\/media?parent=882"}],"curies":[{"name":"wp","href":"https:\/\/api.w.org\/{rel}","templated":true}]}}